{"id":2,"date":"2012-03-02T11:50:43","date_gmt":"2012-03-02T11:50:43","guid":{"rendered":"http:\/\/www.jennymainuyen.de\/WP\/?page_id=2"},"modified":"2021-06-13T13:28:14","modified_gmt":"2021-06-13T12:28:14","slug":"beispiel-seite","status":"publish","type":"page","link":"http:\/\/www.jennymainuyen.de\/","title":{"rendered":""},"content":{"rendered":"<p style=\"text-align: center;\">\u00a0<\/p>\n<p style=\"text-align: center;\">Jenny-Mai Nuyen, das steht auf manchen Buchdeckeln. Im echten Leben schwirrt noch ein G irgendwo im Nachnamen herum. Aber was hei\u00dft schon &#8216;echtes Leben&#8217;? \u00a0Ich bin eine Phantastin, ich glaube an die zarten Schmelzeigenschaften der Wahrheit\u00a0&#8211; kurzum, ich schreibe\u00a0Romane.<\/p>\n<p style=\"text-align: center;\">Mit dreizehn habe ich damit angefangen und seitdem nicht aufgeh\u00f6rt. Mit achtzehn erschien mein erster Fantasyroman und wurde in mehr als zehn Sprachen \u00fcbersetzt. Weitere B\u00fccher folgten, sodass mir bis heute die Gewissheit meiner Untauglichkeit f\u00fcr jeden anderen Beruf erspart blieb. Nach einem abgebrochenen Filmstudium an der New York University bin ich nach Berlin gezogen, wo man mich seitdem in Philosophie-Seminaren der Freien Universit\u00e4t herumgeistern sieht. Ich m\u00f6chte f\u00fcr den Rest meines Lebens studieren und schreiben. Aber das liegt nat\u00fcrlich in den H\u00e4nden meiner Leser.<\/p>\n<p style=\"text-align: center;\">\u00a0<\/p>\n<p style=\"text-align: center;\">Bisherige Ver\u00f6ffentlichungen:<\/p>\n<p>\u00a0<\/p>\n<p style=\"text-align: left; padding-left: 80px;\">\u00a0Das Zeitalter der Drachen\u00a0 \u00a0 \u00a0 \u00a0 \u00a0 \u00a0 \u00a0 \u00a0 \u00a0 \u00a0 \u00a0 <a href=\"http:\/\/www.jennymainuyen.de\/?page_id=1688\">Kalt wie Schnee, hart wie Eisen<\/a><\/p>\n<p style=\"padding-left: 80px;\">\u00a0 \u00a0 \u00a0 \u00a0 Fischer TOR, 2021\u00a0 \u00a0 \u00a0 \u00a0 \u00a0 \u00a0 \u00a0 \u00a0 \u00a0 \u00a0 \u00a0 \u00a0 \u00a0 \u00a0 \u00a0 \u00a0 \u00a0 \u00a0 \u00a0 \u00a0 \u00a0 cbt, 2021<\/p>\n<p style=\"padding-left: 80px;\">\u00a0 \u00a0 <img loading=\"lazy\" class=\"alignnone  wp-image-1695\" src=\"http:\/\/www.jennymainuyen.de\/uploads\/819jUPk2leS-1-316x500.jpg\" alt=\"\" width=\"163\" height=\"258\" srcset=\"http:\/\/www.jennymainuyen.de\/uploads\/819jUPk2leS-1-316x500.jpg 316w, http:\/\/www.jennymainuyen.de\/uploads\/819jUPk2leS-1-700x1107.jpg 700w, http:\/\/www.jennymainuyen.de\/uploads\/819jUPk2leS-1-768x1214.jpg 768w, http:\/\/www.jennymainuyen.de\/uploads\/819jUPk2leS-1-972x1536.jpg 972w, http:\/\/www.jennymainuyen.de\/uploads\/819jUPk2leS-1-1296x2048.jpg 1296w, http:\/\/www.jennymainuyen.de\/uploads\/819jUPk2leS-1.jpg 1400w\" sizes=\"(max-width: 163px) 100vw, 163px\" \/>\u00a0 \u00a0 \u00a0 \u00a0 \u00a0 \u00a0 \u00a0 \u00a0 \u00a0 \u00a0 \u00a0 \u00a0<a href=\"http:\/\/www.jennymainuyen.de\/?page_id=1688\"><img loading=\"lazy\" class=\"alignnone  wp-image-1658\" src=\"http:\/\/www.jennymainuyen.de\/uploads\/Schnee-Eisen-Cover-328x500.jpg\" alt=\"\" width=\"176\" height=\"268\" srcset=\"http:\/\/www.jennymainuyen.de\/uploads\/Schnee-Eisen-Cover-328x500.jpg 328w, http:\/\/www.jennymainuyen.de\/uploads\/Schnee-Eisen-Cover-700x1068.jpg 700w, http:\/\/www.jennymainuyen.de\/uploads\/Schnee-Eisen-Cover-768x1172.jpg 768w, http:\/\/www.jennymainuyen.de\/uploads\/Schnee-Eisen-Cover-1006x1536.jpg 1006w, http:\/\/www.jennymainuyen.de\/uploads\/Schnee-Eisen-Cover-1342x2048.jpg 1342w, http:\/\/www.jennymainuyen.de\/uploads\/Schnee-Eisen-Cover.jpg 1594w\" sizes=\"(max-width: 176px) 100vw, 176px\" \/><\/a><\/p>\n<p>\u00a0<\/p>\n<p style=\"text-align: left; padding-left: 120px;\"><a href=\"https:\/\/www.amazon.de\/Die-T%C3%B6chter-von-Ilian-Roman\/dp\/3596299977\/ref=tmm_pap_swatch_0?_encoding=UTF8&amp;qid=&amp;sr=\">Die T\u00f6chter von Ilian<\/a> \u00a0\u00a0\u00a0 \u00a0 \u00a0 \u00a0 \u00a0 \u00a0\u00a0\u00a0\u00a0 \u00a0 \u00a0 \u00a0 \u00a0\u00a0\u00a0\u00a0 <a href=\"https:\/\/www.amazon.de\/Heartware-Jenny-Mai-Nuyen\/dp\/3499267071\">Heartware<\/a><\/p>\n<p>\u00a0\u00a0\u00a0\u00a0\u00a0\u00a0\u00a0\u00a0\u00a0\u00a0\u00a0\u00a0\u00a0\u00a0 \u00a0 \u00a0 \u00a0\u00a0\u00a0\u00a0\u00a0\u00a0 Fischer TOR, 2019\u00a0\u00a0\u00a0\u00a0\u00a0\u00a0\u00a0\u00a0\u00a0\u00a0\u00a0\u00a0\u00a0\u00a0\u00a0\u00a0 \u00a0\u00a0 \u00a0\u00a0 Rowohlt POLARIS, 2017<\/p>\n<p style=\"text-align: left;\">\u00a0\u00a0\u00a0\u00a0\u00a0\u00a0\u00a0\u00a0\u00a0\u00a0\u00a0\u00a0\u00a0\u00a0\u00a0\u00a0\u00a0\u00a0\u00a0\u00a0\u00a0\u00a0 <img loading=\"lazy\" class=\"alignnone wp-image-1313\" src=\"http:\/\/www.jennymainuyen.de\/uploads\/csm_500x796_Nuyen_Toechter_von_Ilian_76b928c1b3.jpg\" alt=\"csm_500x796_Nuyen_Toechter_von_Ilian_76b928c1b3\" width=\"168\" height=\"268\" \/>\u00a0 \u00a0\u00a0 \u00a0\u00a0 \u00a0 \u00a0 \u00a0\u00a0 \u00a0\u00a0\u00a0 <a href=\"https:\/\/www.amazon.de\/Heartware-Jenny-Mai-Nuyen\/dp\/3499267071\"><img loading=\"lazy\" class=\"alignnone wp-image-1289\" src=\"http:\/\/www.jennymainuyen.de\/uploads\/978-3-499-26707-9-321x500.jpg\" alt=\"978-3-499-26707-9\" width=\"170\" height=\"265\" srcset=\"http:\/\/www.jennymainuyen.de\/uploads\/978-3-499-26707-9-321x500.jpg 321w, http:\/\/www.jennymainuyen.de\/uploads\/978-3-499-26707-9.jpg 500w\" sizes=\"(max-width: 170px) 100vw, 170px\" \/><\/a><\/p>\n<p style=\"text-align: center;\">\u00a0<\/p>\n<p style=\"text-align: left;\">\u00a0\u00a0\u00a0\u00a0\u00a0\u00a0\u00a0\u00a0\u00a0\u00a0\u00a0\u00a0\u00a0\u00a0\u00a0\u00a0\u00a0<a href=\"https:\/\/www.amazon.de\/Anderswelt-Geschichten-Trollen-Alben-Elfenwesen\/dp\/3946425577\/ref=sr_1_1?__mk_de_DE=%C3%85M%C3%85%C5%BD%C3%95%C3%91&amp;keywords=anderswelt+roter+drache&amp;qid=1563675800&amp;s=books&amp;sr=1-1\">\u00a0 Anderswelt &#8211; Anthologie\u00a0<\/a> \u00a0 \u00a0 \u00a0 \u00a0 \u00a0 \u00a0 <a href=\"https:\/\/www.amazon.de\/Lyrik-von-Jetzt-3-Babelsprech-ebook\/dp\/B019OTNK4U\/ref=sr_1_1?__mk_de_DE=%C3%85M%C3%85%C5%BD%C3%95%C3%91&amp;keywords=babelsprech&amp;qid=1563676108&amp;s=books&amp;sr=1-1\"> Lyrik von JETZT 3 &#8211; Babelsprech<\/a><\/p>\n<p style=\"text-align: left;\">\u00a0\u00a0\u00a0\u00a0\u00a0\u00a0\u00a0\u00a0\u00a0\u00a0\u00a0\u00a0\u00a0\u00a0\u00a0 \u00a0\u00a0 Edition Roter Drache, 2019 \u00a0\u00a0\u00a0\u00a0\u00a0\u00a0\u00a0\u00a0\u00a0\u00a0\u00a0\u00a0\u00a0 \u00a0\u00a0 \u00a0\u00a0\u00a0 Wallstein, 2015 \u00a0 \u00a0\u00a0<\/p>\n<p>\u00a0\u00a0\u00a0\u00a0\u00a0\u00a0\u00a0\u00a0\u00a0\u00a0\u00a0\u00a0\u00a0\u00a0\u00a0\u00a0\u00a0\u00a0\u00a0\u00a0\u00a0 <img loading=\"lazy\" class=\"alignnone  wp-image-1634\" src=\"http:\/\/www.jennymainuyen.de\/uploads\/Anderswelt-Cover-1.jpg\" alt=\"\" width=\"175\" height=\"247\" \/> \u00a0\u00a0\u00a0\u00a0\u00a0\u00a0\u00a0 \u00a0\u00a0 \u00a0\u00a0\u00a0\u00a0\u00a0\u00a0\u00a0\u00a0 <img loading=\"lazy\" class=\"alignnone  wp-image-1105\" src=\"http:\/\/www.jennymainuyen.de\/uploads\/Babelsprech.jpg\" alt=\"\" width=\"158\" height=\"249\" \/><\/p>\n<p>\u00a0<\/p>\n<p style=\"text-align: left;\">\u00a0\u00a0\u00a0\u00a0\u00a0\u00a0\u00a0\u00a0\u00a0\u00a0\u00a0\u00a0\u00a0\u00a0\u00a0\u00a0\u00a0\u00a0\u00a0\u00a0\u00a0\u00a0\u00a0\u00a0\u00a0 <a href=\"https:\/\/www.amazon.de\/Nacht-ohne-Namen-Jenny-Mai-Nuyen\/dp\/3423761091\/ref=sr_1_1?__mk_de_DE=%C3%85M%C3%85%C5%BD%C3%95%C3%91&amp;keywords=nacht+ohne+namen&amp;qid=1563676506&amp;s=books&amp;sr=1-1\">Nacht ohne Namen\u00a0\u00a0\u00a0\u00a0<\/a> \u00a0 \u00a0 \u00a0 \u00a0 \u00a0 \u00a0 \u00a0 \u00a0 \u00a0 \u00a0 \u00a0 \u00a0 \u00a0 \u00a0 \u00a0<a href=\"https:\/\/www.amazon.de\/Noir-Jenny-Mai-Nuyen\/dp\/3499258587\/ref=sr_1_1?__mk_de_DE=%C3%85M%C3%85%C5%BD%C3%95%C3%91&amp;keywords=noir+nuyen&amp;qid=1563676545&amp;s=books&amp;sr=1-1\"> Noir<\/a><\/p>\n<p style=\"text-align: left;\">\u00a0\u00a0\u00a0\u00a0\u00a0\u00a0\u00a0\u00a0\u00a0\u00a0\u00a0\u00a0\u00a0\u00a0\u00a0\u00a0\u00a0\u00a0\u00a0\u00a0\u00a0\u00a0\u00a0\u00a0\u00a0\u00a0\u00a0 dtv Junior, 2015\u00a0\u00a0\u00a0 \u00a0 \u00a0 \u00a0 \u00a0 \u00a0 \u00a0 \u00a0 \u00a0 \u00a0\u00a0 \u00a0 Rowohlt POLARIS, 2012<\/p>\n<p style=\"text-align: left;\">\u00a0\u00a0 \u00a0 \u00a0 \u00a0 \u00a0 \u00a0 \u00a0 \u00a0 \u00a0\u00a0\u00a0\u00a0\u00a0 <img loading=\"lazy\" class=\"alignnone  wp-image-823\" src=\"http:\/\/www.jennymainuyen.de\/uploads\/NACHT-OHNE-NAMEN_Coverentwurf2-page-001-350x500.jpg\" alt=\"\" width=\"178\" height=\"254\" srcset=\"http:\/\/www.jennymainuyen.de\/uploads\/NACHT-OHNE-NAMEN_Coverentwurf2-page-001-350x500.jpg 350w, http:\/\/www.jennymainuyen.de\/uploads\/NACHT-OHNE-NAMEN_Coverentwurf2-page-001-716x1024.jpg 716w, http:\/\/www.jennymainuyen.de\/uploads\/NACHT-OHNE-NAMEN_Coverentwurf2-page-001.jpg 868w\" sizes=\"(max-width: 178px) 100vw, 178px\" \/> \u00a0\u00a0\u00a0\u00a0\u00a0 \u00a0 \u00a0 \u00a0\u00a0 \u00a0\u00a0\u00a0 <img loading=\"lazy\" class=\"alignnone  wp-image-1599\" src=\"http:\/\/www.jennymainuyen.de\/uploads\/Nuyen_Noir_01-1-322x500.jpg\" alt=\"\" width=\"168\" height=\"261\" srcset=\"http:\/\/www.jennymainuyen.de\/uploads\/Nuyen_Noir_01-1-322x500.jpg 322w, http:\/\/www.jennymainuyen.de\/uploads\/Nuyen_Noir_01-1.jpg 383w\" sizes=\"(max-width: 168px) 100vw, 168px\" \/><\/p>\n<p>\u00a0<\/p>\n<p style=\"text-align: center;\"><a href=\"https:\/\/www.amazon.de\/Sturmj%C3%A4ger-von-Aradon-Feenlicht-Aradon-Saga\/dp\/3442376122\/ref=tmm_pap_swatch_0?_encoding=UTF8&amp;qid=&amp;sr=\">\u00a0 \u00a0 \u00a0\u00a0 \u00a0\u00a0 Die Sturmj\u00e4ger von Aradon &#8211; Reihe<\/a><\/p>\n<p style=\"text-align: center;\">\u00a0\u00a0\u00a0\u00a0 cbj\/BLANVALET, 2009 &#8211; 2010<\/p>\n<p style=\"text-align: left;\">\u00a0\u00a0\u00a0\u00a0\u00a0\u00a0\u00a0\u00a0\u00a0 \u00a0 \u00a0 \u00a0\u00a0\u00a0\u00a0\u00a0\u00a0\u00a0\u00a0\u00a0 <img loading=\"lazy\" class=\"alignnone  wp-image-1496\" src=\"http:\/\/www.jennymainuyen.de\/uploads\/420_16033_93154_xxl-330x500.jpg\" alt=\"\" width=\"177\" height=\"268\" srcset=\"http:\/\/www.jennymainuyen.de\/uploads\/420_16033_93154_xxl-330x500.jpg 330w, http:\/\/www.jennymainuyen.de\/uploads\/420_16033_93154_xxl.jpg 350w\" sizes=\"(max-width: 177px) 100vw, 177px\" \/> \u00a0\u00a0\u00a0\u00a0 \u00a0\u00a0 \u00a0\u00a0\u00a0\u00a0\u00a0\u00a0\u00a0 <img loading=\"lazy\" class=\"alignnone  wp-image-1497\" src=\"http:\/\/www.jennymainuyen.de\/uploads\/sturmjaeger_von_aradon_02_magierlicht-313x500.jpg\" alt=\"\" width=\"167\" height=\"267\" srcset=\"http:\/\/www.jennymainuyen.de\/uploads\/sturmjaeger_von_aradon_02_magierlicht-313x500.jpg 313w, http:\/\/www.jennymainuyen.de\/uploads\/sturmjaeger_von_aradon_02_magierlicht.jpg 376w\" sizes=\"(max-width: 167px) 100vw, 167px\" \/><\/p>\n<p style=\"text-align: center;\">\u00a0<\/p>\n<p style=\"text-align: center;\">I love you &#8211; Lyrik &amp; Lyrics hrsg. Alexa Hennig von Lange<\/p>\n<p style=\"text-align: center;\">Belz &amp; Gelberg, 2009<\/p>\n<p style=\"text-align: center;\"><img loading=\"lazy\" class=\"alignnone  wp-image-1636\" src=\"http:\/\/www.jennymainuyen.de\/uploads\/51OJznFueZL._SX335_BO1204203200_.jpg\" alt=\"\" width=\"182\" height=\"269\" \/><\/p>\n<p style=\"text-align: left;\">\u00a0\u00a0\u00a0\u00a0\u00a0\u00a0\u00a0\u00a0\u00a0\u00a0\u00a0\u00a0\u00a0\u00a0\u00a0\u00a0\u00a0\u00a0\u00a0\u00a0\u00a0\u00a0\u00a0\u00a0\u00a0\u00a0\u00a0\u00a0\u00a0<a href=\"https:\/\/www.amazon.de\/Rabenmond-magische-Bund-Jenny-Mai-Nuyen\/dp\/3570160009\/ref=sr_1_1?__mk_de_DE=%C3%85M%C3%85%C5%BD%C3%95%C3%91&amp;keywords=rabenmond&amp;qid=1563677346&amp;s=books&amp;sr=1-1\">Rabenmond<\/a>\u00a0 \u00a0 \u00a0 \u00a0 \u00a0 \u00a0 \u00a0 \u00a0 \u00a0\u00a0 \u00a0 \u00a0 \u00a0 \u00a0 \u00a0 \u00a0 \u00a0 \u00a0 \u00a0 \u00a0\u00a0 \u00a0 <a href=\"https:\/\/www.amazon.de\/Nocturna-Die-Nacht-gestohlenen-Schatten\/dp\/3570133370\/ref=pd_sim_14_2\/257-4567215-0799134?_encoding=UTF8&amp;pd_rd_i=3570133370&amp;pd_rd_r=ea0f86d7-760d-4640-88a9-76645e13050d&amp;pd_rd_w=Dqclq&amp;pd_rd_wg=XVIRu&amp;pf_rd_p=b0773d2f-6335-4e3d-8bed-091e22ee3de4&amp;pf_rd_r=7BQ9639R2FRBVFABGG54&amp;psc=1&amp;refRID=7BQ9639R2FRBVFABGG54\">Nocturna<\/a><\/p>\n<p style=\"text-align: left;\">\u00a0\u00a0\u00a0\u00a0\u00a0\u00a0\u00a0\u00a0\u00a0\u00a0\u00a0\u00a0\u00a0\u00a0\u00a0\u00a0\u00a0\u00a0\u00a0\u00a0\u00a0\u00a0\u00a0\u00a0\u00a0\u00a0\u00a0\u00a0\u00a0\u00a0\u00a0 cbt, 2008\u00a0\u00a0\u00a0\u00a0\u00a0\u00a0\u00a0\u00a0\u00a0\u00a0\u00a0\u00a0\u00a0\u00a0\u00a0\u00a0\u00a0\u00a0\u00a0\u00a0\u00a0\u00a0\u00a0\u00a0\u00a0\u00a0\u00a0\u00a0\u00a0 \u00a0 \u00a0 \u00a0 \u00a0 \u00a0\u00a0 \u00a0 cbj, 2007<\/p>\n<p style=\"text-align: left;\">\u00a0\u00a0\u00a0\u00a0\u00a0\u00a0\u00a0\u00a0\u00a0\u00a0\u00a0\u00a0 \u00a0\u00a0 \u00a0\u00a0\u00a0\u00a0\u00a0 <img loading=\"lazy\" class=\"alignnone  wp-image-1575\" src=\"http:\/\/www.jennymainuyen.de\/uploads\/Rabenmond.cover_-314x500.jpg\" alt=\"\" width=\"173\" height=\"275\" srcset=\"http:\/\/www.jennymainuyen.de\/uploads\/Rabenmond.cover_-314x500.jpg 314w, http:\/\/www.jennymainuyen.de\/uploads\/Rabenmond.cover_.jpg 350w\" sizes=\"(max-width: 173px) 100vw, 173px\" \/> \u00a0\u00a0\u00a0\u00a0 \u00a0 \u00a0 \u00a0\u00a0\u00a0\u00a0\u00a0\u00a0\u00a0\u00a0\u00a0 <img loading=\"lazy\" class=\"alignnone  wp-image-1561\" src=\"http:\/\/www.jennymainuyen.de\/uploads\/nocturna.jpg\" alt=\"\" width=\"172\" height=\"273\" \/><\/p>\n<p style=\"text-align: center;\">\u00a0<\/p>\n<p style=\"text-align: left;\">\u00a0\u00a0\u00a0\u00a0\u00a0\u00a0\u00a0\u00a0\u00a0\u00a0\u00a0\u00a0\u00a0\u00a0\u00a0\u00a0\u00a0\u00a0\u00a0\u00a0\u00a0\u00a0\u00a0\u00a0\u00a0\u00a0\u00a0\u00a0\u00a0\u00a0\u00a0\u00a0 <a href=\"https:\/\/www.amazon.de\/Das-Drachentor-Jenny-Mai-Nuyen\/dp\/3570312763\/ref=pd_bxgy_14_img_2\/257-4567215-0799134?_encoding=UTF8&amp;pd_rd_i=3570312763&amp;pd_rd_r=10db2c9f-043b-4773-8884-ad8fdab5d7e6&amp;pd_rd_w=mVp64&amp;pd_rd_wg=nZmv4&amp;pf_rd_p=449f5fd6-8f81-46b7-aa57-ca96572671a1&amp;pf_rd_r=8ZDTXPF9P17JSR8SADHV&amp;psc=1&amp;refRID=8ZDTXPF9P17JSR8SADHV\">Drachentor<\/a>\u00a0 \u00a0 \u00a0 \u00a0 \u00a0\u00a0 \u00a0\u00a0\u00a0\u00a0\u00a0\u00a0\u00a0\u00a0\u00a0\u00a0\u00a0\u00a0\u00a0\u00a0\u00a0\u00a0\u00a0\u00a0\u00a0\u00a0 \u00a0 \u00a0\u00a0 \u00a0\u00a0 <a href=\"https:\/\/www.amazon.de\/Nijura-Erbe-Elfenkrone-Jenny-Mai-Nuyen\/dp\/3570312232\/ref=pd_sbs_14_1\/257-4567215-0799134?_encoding=UTF8&amp;pd_rd_i=3570312232&amp;pd_rd_r=c0aaecb9-9051-4e6b-8b01-499bf4f9bf47&amp;pd_rd_w=EMaxJ&amp;pd_rd_wg=l6bQI&amp;pf_rd_p=74d946ea-18de-4443-bed6-d8837f922070&amp;pf_rd_r=GEN5JHXQ01GR8BA1V9CV&amp;psc=1&amp;refRID=GEN5JHXQ01GR8BA1V9CV\">Nijura<\/a><\/p>\n<p style=\"text-align: left;\">\u00a0\u00a0\u00a0\u00a0\u00a0\u00a0\u00a0\u00a0\u00a0\u00a0\u00a0\u00a0\u00a0\u00a0\u00a0\u00a0\u00a0\u00a0\u00a0\u00a0\u00a0\u00a0\u00a0\u00a0\u00a0\u00a0\u00a0\u00a0\u00a0\u00a0\u00a0\u00a0\u00a0\u00a0 cbt, 2007\u00a0\u00a0\u00a0\u00a0\u00a0\u00a0\u00a0\u00a0\u00a0\u00a0\u00a0\u00a0\u00a0\u00a0\u00a0\u00a0\u00a0\u00a0\u00a0 \u00a0 \u00a0 \u00a0 \u00a0\u00a0 \u00a0\u00a0 \u00a0 \u00a0\u00a0 \u00a0\u00a0 cbj, 2006<\/p>\n<p style=\"text-align: left;\">\u00a0\u00a0\u00a0\u00a0\u00a0\u00a0\u00a0\u00a0\u00a0\u00a0\u00a0\u00a0\u00a0\u00a0\u00a0\u00a0\u00a0\u00a0\u00a0\u00a0\u00a0\u00a0 <img loading=\"lazy\" class=\"alignnone  wp-image-1465\" src=\"http:\/\/www.jennymainuyen.de\/uploads\/Cover-Taschenbuch-drachentor.jpg\" alt=\"\" width=\"180\" height=\"275\" \/> \u00a0\u00a0\u00a0\u00a0 \u00a0 \u00a0 \u00a0 \u00a0 \u00a0\u00a0 <img loading=\"lazy\" class=\"alignnone  wp-image-1450\" src=\"http:\/\/www.jennymainuyen.de\/uploads\/Cover-Nijura2.jpg\" alt=\"\" width=\"171\" height=\"274\" \/><\/p>\n\n\n<p><\/p>\n\n\n\n<p><\/p>\n","protected":false},"excerpt":{"rendered":"<p>\u00a0 Jenny-Mai Nuyen, das steht auf manchen Buchdeckeln. Im echten Leben schwirrt noch ein G irgendwo im Nachnamen herum. Aber was hei\u00dft schon &#8216;echtes Leben&#8217;? \u00a0Ich bin eine Phantastin, ich glaube an die zarten Schmelzeigenschaften der Wahrheit\u00a0&#8211; kurzum, ich schreibe\u00a0Romane. Mit dreizehn habe ich damit angefangen und seitdem nicht aufgeh\u00f6rt. Mit achtzehn erschien mein erster Fantasyroman und wurde in mehr als zehn Sprachen \u00fcbersetzt. Weitere B\u00fccher folgten, sodass mir bis heute die Gewissheit meiner Untauglichkeit f\u00fcr jeden anderen Beruf erspart blieb. Nach einem abgebrochenen Filmstudium an der New York University bin ich nach Berlin gezogen, wo man mich seitdem in Philosophie-Seminaren der Freien Universit\u00e4t herumgeistern sieht. Ich m\u00f6chte f\u00fcr den&#8230;<\/p>\n","protected":false},"author":1,"featured_media":0,"parent":0,"menu_order":1,"comment_status":"closed","ping_status":"closed","template":"","meta":[],"_links":{"self":[{"href":"http:\/\/www.jennymainuyen.de\/index.php?rest_route=\/wp\/v2\/pages\/2"}],"collection":[{"href":"http:\/\/www.jennymainuyen.de\/index.php?rest_route=\/wp\/v2\/pages"}],"about":[{"href":"http:\/\/www.jennymainuyen.de\/index.php?rest_route=\/wp\/v2\/types\/page"}],"author":[{"embeddable":true,"href":"http:\/\/www.jennymainuyen.de\/index.php?rest_route=\/wp\/v2\/users\/1"}],"replies":[{"embeddable":true,"href":"http:\/\/www.jennymainuyen.de\/index.php?rest_route=%2Fwp%2Fv2%2Fcomments&post=2"}],"version-history":[{"count":42,"href":"http:\/\/www.jennymainuyen.de\/index.php?rest_route=\/wp\/v2\/pages\/2\/revisions"}],"predecessor-version":[{"id":1696,"href":"http:\/\/www.jennymainuyen.de\/index.php?rest_route=\/wp\/v2\/pages\/2\/revisions\/1696"}],"wp:attachment":[{"href":"http:\/\/www.jennymainuyen.de\/index.php?rest_route=%2Fwp%2Fv2%2Fmedia&parent=2"}],"curies":[{"name":"wp","href":"https:\/\/api.w.org\/{rel}","templated":true}]}}